{"id":624,"date":"2023-05-19T15:48:24","date_gmt":"2023-05-19T13:48:24","guid":{"rendered":"https:\/\/alpinzentrum.ch\/?page_id=624"},"modified":"2024-07-04T14:51:43","modified_gmt":"2024-07-04T12:51:43","slug":"events","status":"publish","type":"page","link":"https:\/\/alpinzentrum.ch\/de\/events\/","title":{"rendered":"Team Events"},"content":{"rendered":"\t\t<div data-elementor-type=\"wp-page\" data-elementor-id=\"624\" class=\"elementor elementor-624\" data-elementor-post-type=\"page\">\n\t\t\t\t\t\t<section class=\"elementor-section elementor-top-section elementor-element elementor-element-3eeacf5 elementor-section-boxed elementor-section-height-default elementor-section-height-default\" data-id=\"3eeacf5\" data-element_type=\"section\" data-settings=\"{&quot;background_background&quot;:&quot;classic&quot;}\">\n\t\t\t\t\t\t\t<div class=\"elementor-background-overlay\"><\/div>\n\t\t\t\t\t\t\t<div class=\"elementor-container elementor-column-gap-default\">\n\t\t\t\t\t<div class=\"elementor-column elementor-col-100 elementor-top-column elementor-element elementor-element-644d3863\" data-id=\"644d3863\" data-element_type=\"column\">\n\t\t\t<div class=\"elementor-widget-wrap elementor-element-populated\">\n\t\t\t\t\t\t<div class=\"elementor-element elementor-element-3eb89802 elementor-widget elementor-widget-heading\" data-id=\"3eb89802\" data-element_type=\"widget\" data-widget_type=\"heading.default\">\n\t\t\t\t<div class=\"elementor-widget-container\">\n\t\t\t<style>\/*! elementor - v3.22.0 - 26-06-2024 *\/\n.elementor-heading-title{padding:0;margin:0;line-height:1}.elementor-widget-heading .elementor-heading-title[class*=elementor-size-]>a{color:inherit;font-size:inherit;line-height:inherit}.elementor-widget-heading .elementor-heading-title.elementor-size-small{font-size:15px}.elementor-widget-heading .elementor-heading-title.elementor-size-medium{font-size:19px}.elementor-widget-heading .elementor-heading-title.elementor-size-large{font-size:29px}.elementor-widget-heading .elementor-heading-title.elementor-size-xl{font-size:39px}.elementor-widget-heading .elementor-heading-title.elementor-size-xxl{font-size:59px}<\/style><h2 class=\"elementor-heading-title elementor-size-default\">Team Events<\/h2>\t\t<\/div>\n\t\t\t\t<\/div>\n\t\t\t\t\t<\/div>\n\t\t<\/div>\n\t\t\t\t\t<\/div>\n\t\t<\/section>\n\t\t\t\t<section class=\"elementor-section elementor-top-section elementor-element elementor-element-34a29203 elementor-section-boxed elementor-section-height-default elementor-section-height-default\" data-id=\"34a29203\" data-element_type=\"section\">\n\t\t\t\t\t\t<div class=\"elementor-container elementor-column-gap-default\">\n\t\t\t\t\t<div class=\"elementor-column elementor-col-100 elementor-top-column elementor-element elementor-element-27554a91\" data-id=\"27554a91\" data-element_type=\"column\">\n\t\t\t<div class=\"elementor-widget-wrap elementor-element-populated\">\n\t\t\t\t\t\t<div class=\"elementor-element elementor-element-3dad2ba1 premium-blog-align-left elementor-widget elementor-widget-premium-addon-blog\" data-id=\"3dad2ba1\" data-element_type=\"widget\" data-settings=\"{&quot;premium_blog_columns_number&quot;:&quot;100%&quot;,&quot;premium_blog_infinite_scroll&quot;:&quot;yes&quot;,&quot;premium_blog_grid&quot;:&quot;yes&quot;,&quot;premium_blog_layout&quot;:&quot;even&quot;,&quot;premium_blog_columns_number_tablet&quot;:&quot;50%&quot;,&quot;premium_blog_columns_number_mobile&quot;:&quot;100%&quot;,&quot;scroll_to_offset&quot;:&quot;yes&quot;}\" data-widget_type=\"premium-addon-blog.default\">\n\t\t\t\t<div class=\"elementor-widget-container\">\n\t\t\t\n\t\t\t\t\t\t\t<div class=\"premium-blog-filter\">\n\t\t\t<ul class=\"premium-blog-filters-container\">\n\t\t\t\t\t\t\t\t\t<li>\n\t\t\t\t\t\t<a href=\"javascript:;\" class=\"category active\" data-filter=\"*\">\n\t\t\t\t\t\t\tAll\t\t\t\t\t\t<\/a>\n\t\t\t\t\t<\/li>\n\t\t\t\t\t\t\t\t\t\t\t\t\t\t<li>\n\t\t\t\t\t\t\t<a href=\"javascript:;\" class=\"category\" data-filter=\"klettern\">\n\t\t\t\t\t\t\t\tKlettern\t\t\t\t\t\t\t<\/a>\n\t\t\t\t\t\t<\/li>\n\t\t\t\t\t\t\t\t\t\t<li>\n\t\t\t\t\t\t\t<a href=\"javascript:;\" class=\"category\" data-filter=\"ski\">\n\t\t\t\t\t\t\t\tSki\t\t\t\t\t\t\t<\/a>\n\t\t\t\t\t\t<\/li>\n\t\t\t\t\t\t\t\t\t\t<li>\n\t\t\t\t\t\t\t<a href=\"javascript:;\" class=\"category\" data-filter=\"snowboard\">\n\t\t\t\t\t\t\t\tSnowboard\t\t\t\t\t\t\t<\/a>\n\t\t\t\t\t\t<\/li>\n\t\t\t\t\t\t\t\t\t\t<li>\n\t\t\t\t\t\t\t<a href=\"javascript:;\" class=\"category\" data-filter=\"team-building\">\n\t\t\t\t\t\t\t\tTeambuilding\t\t\t\t\t\t\t<\/a>\n\t\t\t\t\t\t<\/li>\n\t\t\t\t\t\t\t\t\t\t<li>\n\t\t\t\t\t\t\t<a href=\"javascript:;\" class=\"category\" data-filter=\"touren\">\n\t\t\t\t\t\t\t\tTouren\t\t\t\t\t\t\t<\/a>\n\t\t\t\t\t\t<\/li>\n\t\t\t\t\t\t\t\t\t\t<li>\n\t\t\t\t\t\t\t<a href=\"javascript:;\" class=\"category\" data-filter=\"wasser\">\n\t\t\t\t\t\t\t\tWasser\t\t\t\t\t\t\t<\/a>\n\t\t\t\t\t\t<\/li>\n\t\t\t\t\t\t\t\t\t\t<li>\n\t\t\t\t\t\t\t<a href=\"javascript:;\" class=\"category\" data-filter=\"weitere\">\n\t\t\t\t\t\t\t\tWeitere\t\t\t\t\t\t\t<\/a>\n\t\t\t\t\t\t<\/li>\n\t\t\t\t\t\t\t<\/ul>\n\t\t<\/div>\n\t\t\t\t\t\t<div class=\"premium-blog-wrap  premium-blog-even\" data-page=\"624\">\n\t\t\t\t\t<div class=\"premium-blog-post-outer-container klettern\" data-total=\"8\">\n\t\t\t<div class=\"premium-blog-post-container premium-blog-skin-side\">\n\t\t\t\t\t\t\t\t\t<div class=\"premium-blog-thumb-effect-wrapper\">\n\t\t\t\t\t\t<div class=\"premium-blog-thumbnail-container premium-blog-zoomin-effect\">\n\t\t\t\t\t\t\t<img fetchpriority=\"high\" width=\"2560\" height=\"1707\" src=\"https:\/\/alpinzentrum.ch\/wp-content\/uploads\/2023\/05\/Seilpark-Ringe-scaled.jpg\" class=\"attachment-full size-full wp-image-214\" alt=\"\" decoding=\"async\" srcset=\"https:\/\/alpinzentrum.ch\/wp-content\/uploads\/2023\/05\/Seilpark-Ringe-scaled.jpg 2560w, https:\/\/alpinzentrum.ch\/wp-content\/uploads\/2023\/05\/Seilpark-Ringe-300x200.jpg 300w, https:\/\/alpinzentrum.ch\/wp-content\/uploads\/2023\/05\/Seilpark-Ringe-1024x683.jpg 1024w, https:\/\/alpinzentrum.ch\/wp-content\/uploads\/2023\/05\/Seilpark-Ringe-768x512.jpg 768w, https:\/\/alpinzentrum.ch\/wp-content\/uploads\/2023\/05\/Seilpark-Ringe-1536x1024.jpg 1536w, https:\/\/alpinzentrum.ch\/wp-content\/uploads\/2023\/05\/Seilpark-Ringe-2048x1366.jpg 2048w\" sizes=\"(max-width: 2560px) 100vw, 2560px\" \/>\t\t\t\t\t\t<\/div>\n\t\t\t\t\t\t\t\t\t\t\t\t\t<div class=\"premium-blog-thumbnail-overlay\">\n\t\t\t\t\t\t\t\t<a class=\"elementor-icon\" href=\"https:\/\/alpinzentrum.ch\/de\/seilpark-zweisimmen-2\/\" target=\"_self\" aria-hidden=\"true\"><span>Seilpark Zweisimmen<\/span><\/a>\n\t\t\t\t\t\t\t<\/div>\n\n\t\t\t\t\t\t\t\t\t\t\t\t\t\t\t\t\t\t<\/div>\n\t\t\t\t\t\t\t\t\t\t\t\t<div class=\"premium-blog-content-wrapper \">\n\n\t\t\t\t\t<div class=\"premium-blog-inner-container\">\n\n\t\t\t\t\t\t\t\t\t\t\t\t\t<div class=\"premium-blog-cats-container\">\n\t\t\t\t\t\t\t\t<ul class=\"post-categories\">\n\t\t\t\t\t\t\t\t\t<li><a href=\"https:\/\/alpinzentrum.ch\/de\/category\/klettern\/\" class=\"elementor-repeater-item-39e9084\">Klettern<\/a><\/li>\t\t\t\t\t\t\t\t<\/ul>\n\t\t\t\t\t\t\t<\/div>\n\t\t\t\t\t\t\t\t\t\t\t\t\t\t<h2 class=\"premium-blog-entry-title\">\n\t\t\t<a href=\"https:\/\/alpinzentrum.ch\/de\/seilpark-zweisimmen-2\/\" target=\"_self\">\n\t\t\t\tSeilpark Zweisimmen\t\t\t<\/a>\n\t\t<\/h2>\n\t\t\t\t<div class=\"premium-blog-entry-meta\">\n\t\t\t\n\t\t\t\n\t\t\t\n\t\t\t\t\t<\/div>\n\t\t\n\t\t\t\t\t<\/div>\n\n\t\t\t\t\t\t\t<div class=\"premium-blog-content-inner-wrapper\">\n\t\t<p class=\"premium-blog-post-content\">SEILPARK ZWEISIMMEN Der Seilpark in Zweisimmen bietet 5 Parcours mit unterschiedlichen Schwierigkeiten. Abwechslungsreiche Seilbr\u00fccken, verr\u00fcckte Tyroliennes und wagemutige Balancierelemente fordern die Teilnehmenden in H\u00f6hen von 3 \u2013 22 Meter \u00fcber dem Boden. INFORMATIONEN: Zweisimmen Anforderungen: Ab 6 JahrenDie Kinder bis 12 Jahre nur in Begleitung eines Erwachsenen.Die Mindestgr\u00f6sse f\u00fcr die zwei Kinderparcours betr\u00e4gt 1.20\u00a0 m [&hellip;]<\/p><div class=\"premium-blog-excerpt-link-wrap\"><a href=\"https:\/\/alpinzentrum.ch\/de\/seilpark-zweisimmen-2\/\" target=\"_self\" class=\"premium-blog-excerpt-link elementor-button\">Mehr Infos \u00bb<\/a><\/div>\t\t<\/div>\n\t\t\t\t\t\t\t\n\t\t\t\t<\/div>\n\t\t\t<\/div>\n\t\t<\/div>\n\n\t\t\t\t<div class=\"premium-blog-post-outer-container wasser\" data-total=\"8\">\n\t\t\t<div class=\"premium-blog-post-container premium-blog-skin-side\">\n\t\t\t\t\t\t\t\t\t<div class=\"premium-blog-thumb-effect-wrapper\">\n\t\t\t\t\t\t<div class=\"premium-blog-thumbnail-container premium-blog-zoomin-effect\">\n\t\t\t\t\t\t\t<img width=\"2560\" height=\"1707\" src=\"https:\/\/alpinzentrum.ch\/wp-content\/uploads\/2023\/05\/Rafting-Paddling-scaled.jpg\" class=\"attachment-full size-full wp-image-197\" alt=\"\" decoding=\"async\" srcset=\"https:\/\/alpinzentrum.ch\/wp-content\/uploads\/2023\/05\/Rafting-Paddling-scaled.jpg 2560w, https:\/\/alpinzentrum.ch\/wp-content\/uploads\/2023\/05\/Rafting-Paddling-300x200.jpg 300w, https:\/\/alpinzentrum.ch\/wp-content\/uploads\/2023\/05\/Rafting-Paddling-1024x683.jpg 1024w, https:\/\/alpinzentrum.ch\/wp-content\/uploads\/2023\/05\/Rafting-Paddling-768x512.jpg 768w, https:\/\/alpinzentrum.ch\/wp-content\/uploads\/2023\/05\/Rafting-Paddling-1536x1024.jpg 1536w, https:\/\/alpinzentrum.ch\/wp-content\/uploads\/2023\/05\/Rafting-Paddling-2048x1365.jpg 2048w\" sizes=\"(max-width: 2560px) 100vw, 2560px\" \/>\t\t\t\t\t\t<\/div>\n\t\t\t\t\t\t\t\t\t\t\t\t\t<div class=\"premium-blog-thumbnail-overlay\">\n\t\t\t\t\t\t\t\t<a class=\"elementor-icon\" href=\"https:\/\/alpinzentrum.ch\/de\/river-rafting-2\/\" target=\"_self\" aria-hidden=\"true\"><span>River Rafting<\/span><\/a>\n\t\t\t\t\t\t\t<\/div>\n\n\t\t\t\t\t\t\t\t\t\t\t\t\t\t\t\t\t\t<\/div>\n\t\t\t\t\t\t\t\t\t\t\t\t<div class=\"premium-blog-content-wrapper \">\n\n\t\t\t\t\t<div class=\"premium-blog-inner-container\">\n\n\t\t\t\t\t\t\t\t\t\t\t\t\t<div class=\"premium-blog-cats-container\">\n\t\t\t\t\t\t\t\t<ul class=\"post-categories\">\n\t\t\t\t\t\t\t\t\t<li><a href=\"https:\/\/alpinzentrum.ch\/de\/category\/wasser\/\" class=\"elementor-repeater-item-39e9084\">Wasser<\/a><\/li>\t\t\t\t\t\t\t\t<\/ul>\n\t\t\t\t\t\t\t<\/div>\n\t\t\t\t\t\t\t\t\t\t\t\t\t\t<h2 class=\"premium-blog-entry-title\">\n\t\t\t<a href=\"https:\/\/alpinzentrum.ch\/de\/river-rafting-2\/\" target=\"_self\">\n\t\t\t\tRiver Rafting\t\t\t<\/a>\n\t\t<\/h2>\n\t\t\t\t<div class=\"premium-blog-entry-meta\">\n\t\t\t\n\t\t\t\n\t\t\t\n\t\t\t\t\t<\/div>\n\t\t\n\t\t\t\t\t<\/div>\n\n\t\t\t\t\t\t\t<div class=\"premium-blog-content-inner-wrapper\">\n\t\t<p class=\"premium-blog-post-content\">RIVER RAFTING Am Ausgangspunkt &#8211; unserer Basis Saanen &#8211; starten wir das Abenteuer. F\u00fcr die Flussfahrt ist Teamgeist, Vertrauen und Koordination gefragt. Naturfreunde kommen auf der Saane voll und ganz auf ihre Rechnung. INFORMATIONEN: River Rafting Saanen &#8211; Ch\u00e2teau d&#8217;Oex Anforderungen: Ab 14 Jahren Schwimmkenntnisse Dauer: 3 &#8211; 4 Stunden Zeiten: Zwischen 08.00h &#8211; 12.00h [&hellip;]<\/p><div class=\"premium-blog-excerpt-link-wrap\"><a href=\"https:\/\/alpinzentrum.ch\/de\/river-rafting-2\/\" target=\"_self\" class=\"premium-blog-excerpt-link elementor-button\">Mehr Infos \u00bb<\/a><\/div>\t\t<\/div>\n\t\t\t\t\t\t\t\n\t\t\t\t<\/div>\n\t\t\t<\/div>\n\t\t<\/div>\n\n\t\t\t\t<div class=\"premium-blog-post-outer-container wasser\" data-total=\"8\">\n\t\t\t<div class=\"premium-blog-post-container premium-blog-skin-side\">\n\t\t\t\t\t\t\t\t\t<div class=\"premium-blog-thumb-effect-wrapper\">\n\t\t\t\t\t\t<div class=\"premium-blog-thumbnail-container premium-blog-zoomin-effect\">\n\t\t\t\t\t\t\t<img width=\"2560\" height=\"1707\" src=\"https:\/\/alpinzentrum.ch\/wp-content\/uploads\/2024\/05\/alpinzentrum-canoeing-275-6213-scaled.jpg\" class=\"attachment-full size-full wp-image-3824\" alt=\"\" decoding=\"async\" srcset=\"https:\/\/alpinzentrum.ch\/wp-content\/uploads\/2024\/05\/alpinzentrum-canoeing-275-6213-scaled.jpg 2560w, https:\/\/alpinzentrum.ch\/wp-content\/uploads\/2024\/05\/alpinzentrum-canoeing-275-6213-300x200.jpg 300w, https:\/\/alpinzentrum.ch\/wp-content\/uploads\/2024\/05\/alpinzentrum-canoeing-275-6213-1024x683.jpg 1024w, https:\/\/alpinzentrum.ch\/wp-content\/uploads\/2024\/05\/alpinzentrum-canoeing-275-6213-768x512.jpg 768w, https:\/\/alpinzentrum.ch\/wp-content\/uploads\/2024\/05\/alpinzentrum-canoeing-275-6213-1536x1024.jpg 1536w, https:\/\/alpinzentrum.ch\/wp-content\/uploads\/2024\/05\/alpinzentrum-canoeing-275-6213-2048x1365.jpg 2048w\" sizes=\"(max-width: 2560px) 100vw, 2560px\" \/>\t\t\t\t\t\t<\/div>\n\t\t\t\t\t\t\t\t\t\t\t\t\t<div class=\"premium-blog-thumbnail-overlay\">\n\t\t\t\t\t\t\t\t<a class=\"elementor-icon\" href=\"https:\/\/alpinzentrum.ch\/de\/kanu-abenteuer\/\" target=\"_self\" aria-hidden=\"true\"><span>Kanu Abenteuer<\/span><\/a>\n\t\t\t\t\t\t\t<\/div>\n\n\t\t\t\t\t\t\t\t\t\t\t\t\t\t\t\t\t\t<\/div>\n\t\t\t\t\t\t\t\t\t\t\t\t<div class=\"premium-blog-content-wrapper \">\n\n\t\t\t\t\t<div class=\"premium-blog-inner-container\">\n\n\t\t\t\t\t\t\t\t\t\t\t\t\t<div class=\"premium-blog-cats-container\">\n\t\t\t\t\t\t\t\t<ul class=\"post-categories\">\n\t\t\t\t\t\t\t\t\t<li><a href=\"https:\/\/alpinzentrum.ch\/de\/category\/wasser\/\" class=\"elementor-repeater-item-39e9084\">Wasser<\/a><\/li>\t\t\t\t\t\t\t\t<\/ul>\n\t\t\t\t\t\t\t<\/div>\n\t\t\t\t\t\t\t\t\t\t\t\t\t\t<h2 class=\"premium-blog-entry-title\">\n\t\t\t<a href=\"https:\/\/alpinzentrum.ch\/de\/kanu-abenteuer\/\" target=\"_self\">\n\t\t\t\tKanu Abenteuer\t\t\t<\/a>\n\t\t<\/h2>\n\t\t\t\t<div class=\"premium-blog-entry-meta\">\n\t\t\t\n\t\t\t\n\t\t\t\n\t\t\t\t\t<\/div>\n\t\t\n\t\t\t\t\t<\/div>\n\n\t\t\t\t\t\t\t<div class=\"premium-blog-content-inner-wrapper\">\n\t\t<p class=\"premium-blog-post-content\">KANU ABENTEUER Eine Wanderfahrt im Kanu ist ein spassiges Sommererlebnis f\u00fcr jedermann. Geniessen Sie die Ruhe und Abgeschiedenheit in der Natur. INFORMATIONEN: Berner Oberland oder Pays d&#8217;Enhaut Anforderungen: Ab 8 Jahren Schwimmkenntnisse Dauer: 3 &#8211; 4 Stunden Zeiten: Zwischen 08.00h &#8211; 12.00h oder 13.30h &#8211; 17.30h Treffpunkt: Alpinzentrum Basis Saanen Ausr\u00fcstung: Badekleid, Badetuch, Reservew\u00e4sche Preis [&hellip;]<\/p><div class=\"premium-blog-excerpt-link-wrap\"><a href=\"https:\/\/alpinzentrum.ch\/de\/kanu-abenteuer\/\" target=\"_self\" class=\"premium-blog-excerpt-link elementor-button\">Mehr Infos \u00bb<\/a><\/div>\t\t<\/div>\n\t\t\t\t\t\t\t\n\t\t\t\t<\/div>\n\t\t\t<\/div>\n\t\t<\/div>\n\n\t\t\t\t<div class=\"premium-blog-post-outer-container team-building wasser\" data-total=\"8\">\n\t\t\t<div class=\"premium-blog-post-container premium-blog-skin-side\">\n\t\t\t\t\t\t\t\t\t<div class=\"premium-blog-thumb-effect-wrapper\">\n\t\t\t\t\t\t<div class=\"premium-blog-thumbnail-container premium-blog-zoomin-effect\">\n\t\t\t\t\t\t\t<img loading=\"lazy\" width=\"2560\" height=\"1707\" src=\"https:\/\/alpinzentrum.ch\/wp-content\/uploads\/2023\/05\/Flossbau-Arnensee-Floss-tragen-scaled.jpg\" class=\"attachment-full size-full wp-image-170\" alt=\"\" decoding=\"async\" srcset=\"https:\/\/alpinzentrum.ch\/wp-content\/uploads\/2023\/05\/Flossbau-Arnensee-Floss-tragen-scaled.jpg 2560w, https:\/\/alpinzentrum.ch\/wp-content\/uploads\/2023\/05\/Flossbau-Arnensee-Floss-tragen-300x200.jpg 300w, https:\/\/alpinzentrum.ch\/wp-content\/uploads\/2023\/05\/Flossbau-Arnensee-Floss-tragen-1024x683.jpg 1024w, https:\/\/alpinzentrum.ch\/wp-content\/uploads\/2023\/05\/Flossbau-Arnensee-Floss-tragen-768x512.jpg 768w, https:\/\/alpinzentrum.ch\/wp-content\/uploads\/2023\/05\/Flossbau-Arnensee-Floss-tragen-1536x1024.jpg 1536w, https:\/\/alpinzentrum.ch\/wp-content\/uploads\/2023\/05\/Flossbau-Arnensee-Floss-tragen-2048x1366.jpg 2048w\" sizes=\"(max-width: 2560px) 100vw, 2560px\" \/>\t\t\t\t\t\t<\/div>\n\t\t\t\t\t\t\t\t\t\t\t\t\t<div class=\"premium-blog-thumbnail-overlay\">\n\t\t\t\t\t\t\t\t<a class=\"elementor-icon\" href=\"https:\/\/alpinzentrum.ch\/de\/floss-bauen\/\" target=\"_self\" aria-hidden=\"true\"><span>Floss Bauen<\/span><\/a>\n\t\t\t\t\t\t\t<\/div>\n\n\t\t\t\t\t\t\t\t\t\t\t\t\t\t\t\t\t\t<\/div>\n\t\t\t\t\t\t\t\t\t\t\t\t<div class=\"premium-blog-content-wrapper \">\n\n\t\t\t\t\t<div class=\"premium-blog-inner-container\">\n\n\t\t\t\t\t\t\t\t\t\t\t\t\t<div class=\"premium-blog-cats-container\">\n\t\t\t\t\t\t\t\t<ul class=\"post-categories\">\n\t\t\t\t\t\t\t\t\t<li><a href=\"https:\/\/alpinzentrum.ch\/de\/category\/team-building\/\" class=\"elementor-repeater-item-39e9084\">Teambuilding<\/a><\/li><li><a href=\"https:\/\/alpinzentrum.ch\/de\/category\/wasser\/\" class=\"\">Wasser<\/a><\/li>\t\t\t\t\t\t\t\t<\/ul>\n\t\t\t\t\t\t\t<\/div>\n\t\t\t\t\t\t\t\t\t\t\t\t\t\t<h2 class=\"premium-blog-entry-title\">\n\t\t\t<a href=\"https:\/\/alpinzentrum.ch\/de\/floss-bauen\/\" target=\"_self\">\n\t\t\t\tFloss Bauen\t\t\t<\/a>\n\t\t<\/h2>\n\t\t\t\t<div class=\"premium-blog-entry-meta\">\n\t\t\t\n\t\t\t\n\t\t\t\n\t\t\t\t\t<\/div>\n\t\t\n\t\t\t\t\t<\/div>\n\n\t\t\t\t\t\t\t<div class=\"premium-blog-content-inner-wrapper\">\n\t\t<p class=\"premium-blog-post-content\">FLOSS BAUEN Gemeinsam baut die Gruppe ein schwimmt\u00fcchtiges Floss aus F\u00e4ssern, Balken und Seilen. Als Belohnung f\u00fcr ihren Einsatz winkt den Teilnehmern eine romantische Flussfahrt oder eine See\u00fcberquerung. Auf dem Floss serviert unser Guide den Matrosen auf Wunsch ein kleines Ap\u00e9ro. INFORMATIONEN: Anforderungen: Ab 8 Jahren Schwimmkenntnisse Zeiten: Auf Anfrage Dauer: 2 &#8211; 4 Stunden [&hellip;]<\/p><div class=\"premium-blog-excerpt-link-wrap\"><a href=\"https:\/\/alpinzentrum.ch\/de\/floss-bauen\/\" target=\"_self\" class=\"premium-blog-excerpt-link elementor-button\">Mehr Infos \u00bb<\/a><\/div>\t\t<\/div>\n\t\t\t\t\t\t\t\n\t\t\t\t<\/div>\n\t\t\t<\/div>\n\t\t<\/div>\n\n\t\t\t\t<\/div>\n\n\t\t\t\t<\/div>\n\t\t\t\t<\/div>\n\t\t\t\t\t<\/div>\n\t\t<\/div>\n\t\t\t\t\t<\/div>\n\t\t<\/section>\n\t\t\t\t<section class=\"elementor-section elementor-top-section elementor-element elementor-element-97333f5 elementor-section-boxed elementor-section-height-default elementor-section-height-default\" data-id=\"97333f5\" data-element_type=\"section\">\n\t\t\t\t\t\t<div class=\"elementor-container elementor-column-gap-default\">\n\t\t\t\t\t<div class=\"elementor-column elementor-col-100 elementor-top-column elementor-element elementor-element-aa65ca9\" data-id=\"aa65ca9\" data-element_type=\"column\">\n\t\t\t<div class=\"elementor-widget-wrap\">\n\t\t\t\t\t\t\t<\/div>\n\t\t<\/div>\n\t\t\t\t\t<\/div>\n\t\t<\/section>\n\t\t\t\t<\/div>\n\t\t","protected":false},"excerpt":{"rendered":"<p>All Klettern Ski Snowboard Teambuilding Touren Wasser Weitere Ski Ski Ski SKI Bringe deine Ski-Skills auf ein neues Level! Beim Skifahren mit unseren ausgebildete Skilehrern profitierst du von professionellem Coaching und Unterst\u00fctzung. Weitere Info &amp; Buchungen:&nbsp;www.skischulesaanenmoeser.ch Mehr Infos \u00bb Langlauf Ski Langlauf LANGLAUF Du m\u00f6chtest auch im Winter etwas f\u00fcr deine Ausdauer machen? Wie w\u00e4re [&hellip;]<\/p>\n","protected":false},"author":2,"featured_media":0,"parent":0,"menu_order":0,"comment_status":"closed","ping_status":"closed","template":"elementor_header_footer","meta":[],"_links":{"self":[{"href":"https:\/\/alpinzentrum.ch\/de\/wp-json\/wp\/v2\/pages\/624"}],"collection":[{"href":"https:\/\/alpinzentrum.ch\/de\/wp-json\/wp\/v2\/pages"}],"about":[{"href":"https:\/\/alpinzentrum.ch\/de\/wp-json\/wp\/v2\/types\/page"}],"author":[{"embeddable":true,"href":"https:\/\/alpinzentrum.ch\/de\/wp-json\/wp\/v2\/users\/2"}],"replies":[{"embeddable":true,"href":"https:\/\/alpinzentrum.ch\/de\/wp-json\/wp\/v2\/comments?post=624"}],"version-history":[{"count":125,"href":"https:\/\/alpinzentrum.ch\/de\/wp-json\/wp\/v2\/pages\/624\/revisions"}],"predecessor-version":[{"id":3544,"href":"https:\/\/alpinzentrum.ch\/de\/wp-json\/wp\/v2\/pages\/624\/revisions\/3544"}],"wp:attachment":[{"href":"https:\/\/alpinzentrum.ch\/de\/wp-json\/wp\/v2\/media?parent=624"}],"curies":[{"name":"wp","href":"https:\/\/api.w.org\/{rel}","templated":true}]}}