{"id":2232,"date":"2023-05-18T16:17:29","date_gmt":"2023-05-18T14:17:29","guid":{"rendered":"https:\/\/alpinzentrum.ch\/activites-dete\/"},"modified":"2024-07-08T10:51:11","modified_gmt":"2024-07-08T08:51:11","slug":"activites-dete","status":"publish","type":"page","link":"https:\/\/alpinzentrum.ch\/fr\/activites-dete\/","title":{"rendered":"Activit\u00e9s d&rsquo;\u00e9t\u00e9"},"content":{"rendered":"\t\t<div data-elementor-type=\"wp-page\" data-elementor-id=\"2232\" class=\"elementor elementor-2232 elementor-520\" data-elementor-post-type=\"page\">\n\t\t\t\t\t\t<section class=\"elementor-section elementor-top-section elementor-element elementor-element-109dc6d7 elementor-section-boxed elementor-section-height-default elementor-section-height-default\" data-id=\"109dc6d7\" data-element_type=\"section\" data-settings=\"{&quot;background_background&quot;:&quot;classic&quot;}\">\n\t\t\t\t\t\t\t<div class=\"elementor-background-overlay\"><\/div>\n\t\t\t\t\t\t\t<div class=\"elementor-container elementor-column-gap-default\">\n\t\t\t\t\t<div class=\"elementor-column elementor-col-100 elementor-top-column elementor-element elementor-element-5e2390a9\" data-id=\"5e2390a9\" data-element_type=\"column\">\n\t\t\t<div class=\"elementor-widget-wrap elementor-element-populated\">\n\t\t\t\t\t\t<div class=\"elementor-element elementor-element-4ef0c379 elementor-widget elementor-widget-heading\" data-id=\"4ef0c379\" data-element_type=\"widget\" data-widget_type=\"heading.default\">\n\t\t\t\t<div class=\"elementor-widget-container\">\n\t\t\t<style>\/*! elementor - v3.22.0 - 26-06-2024 *\/\n.elementor-heading-title{padding:0;margin:0;line-height:1}.elementor-widget-heading .elementor-heading-title[class*=elementor-size-]>a{color:inherit;font-size:inherit;line-height:inherit}.elementor-widget-heading .elementor-heading-title.elementor-size-small{font-size:15px}.elementor-widget-heading .elementor-heading-title.elementor-size-medium{font-size:19px}.elementor-widget-heading .elementor-heading-title.elementor-size-large{font-size:29px}.elementor-widget-heading .elementor-heading-title.elementor-size-xl{font-size:39px}.elementor-widget-heading .elementor-heading-title.elementor-size-xxl{font-size:59px}<\/style><h2 class=\"elementor-heading-title elementor-size-default\">Activit\u00e9s d&rsquo;\u00e9t\u00e9<\/h2>\t\t<\/div>\n\t\t\t\t<\/div>\n\t\t\t\t\t<\/div>\n\t\t<\/div>\n\t\t\t\t\t<\/div>\n\t\t<\/section>\n\t\t\t\t<section class=\"elementor-section elementor-top-section elementor-element elementor-element-179de509 elementor-section-boxed elementor-section-height-default elementor-section-height-default\" data-id=\"179de509\" data-element_type=\"section\">\n\t\t\t\t\t\t<div class=\"elementor-container elementor-column-gap-default\">\n\t\t\t\t\t<div class=\"elementor-column elementor-col-100 elementor-top-column elementor-element elementor-element-491d7133\" data-id=\"491d7133\" data-element_type=\"column\">\n\t\t\t<div class=\"elementor-widget-wrap elementor-element-populated\">\n\t\t\t\t\t\t<div class=\"elementor-element elementor-element-cd4d9c9 premium-blog-align-left elementor-widget elementor-widget-premium-addon-blog\" data-id=\"cd4d9c9\" data-element_type=\"widget\" data-settings=\"{&quot;premium_blog_columns_number&quot;:&quot;100%&quot;,&quot;premium_blog_infinite_scroll&quot;:&quot;yes&quot;,&quot;premium_blog_grid&quot;:&quot;yes&quot;,&quot;premium_blog_layout&quot;:&quot;even&quot;,&quot;premium_blog_columns_number_tablet&quot;:&quot;50%&quot;,&quot;premium_blog_columns_number_mobile&quot;:&quot;100%&quot;,&quot;scroll_to_offset&quot;:&quot;yes&quot;}\" data-widget_type=\"premium-addon-blog.default\">\n\t\t\t\t<div class=\"elementor-widget-container\">\n\t\t\t\n\t\t\t\t\t\t\t<div class=\"premium-blog-filter\">\n\t\t\t<ul class=\"premium-blog-filters-container\">\n\t\t\t\t\t\t\t\t\t<li>\n\t\t\t\t\t\t<a href=\"javascript:;\" class=\"category active\" data-filter=\"*\">\n\t\t\t\t\t\t\tAll\t\t\t\t\t\t<\/a>\n\t\t\t\t\t<\/li>\n\t\t\t\t\t\t\t\t\t\t\t\t\t\t<li>\n\t\t\t\t\t\t\t<a href=\"javascript:;\" class=\"category\" data-filter=\"eau-fr\">\n\t\t\t\t\t\t\t\tEau\t\t\t\t\t\t\t<\/a>\n\t\t\t\t\t\t<\/li>\n\t\t\t\t\t\t\t\t\t\t<li>\n\t\t\t\t\t\t\t<a href=\"javascript:;\" class=\"category\" data-filter=\"grimpe-fr\">\n\t\t\t\t\t\t\t\tGrimpe\t\t\t\t\t\t\t<\/a>\n\t\t\t\t\t\t<\/li>\n\t\t\t\t\t\t\t\t\t\t<li>\n\t\t\t\t\t\t\t<a href=\"javascript:;\" class=\"category\" data-filter=\"tour-fr\">\n\t\t\t\t\t\t\t\tTour\t\t\t\t\t\t\t<\/a>\n\t\t\t\t\t\t<\/li>\n\t\t\t\t\t\t\t<\/ul>\n\t\t<\/div>\n\t\t\t\t\t\t<div class=\"premium-blog-wrap  premium-blog-even\" data-page=\"2232\">\n\t\t\t\t\t<div class=\"premium-blog-post-outer-container grimpe-fr\" data-total=\"1\">\n\t\t\t<div class=\"premium-blog-post-container premium-blog-skin-side\">\n\t\t\t\t\t\t\t\t\t<div class=\"premium-blog-thumb-effect-wrapper\">\n\t\t\t\t\t\t<div class=\"premium-blog-thumbnail-container premium-blog-zoomin-effect\">\n\t\t\t\t\t\t\t<img fetchpriority=\"high\" width=\"2560\" height=\"1707\" src=\"https:\/\/alpinzentrum.ch\/wp-content\/uploads\/2023\/05\/Seilpark-Ringe-scaled.jpg\" class=\"attachment-full size-full wp-image-475\" alt=\"\" decoding=\"async\" srcset=\"https:\/\/alpinzentrum.ch\/wp-content\/uploads\/2023\/05\/Seilpark-Ringe-scaled.jpg 2560w, https:\/\/alpinzentrum.ch\/wp-content\/uploads\/2023\/05\/Seilpark-Ringe-300x200.jpg 300w, https:\/\/alpinzentrum.ch\/wp-content\/uploads\/2023\/05\/Seilpark-Ringe-1024x683.jpg 1024w, https:\/\/alpinzentrum.ch\/wp-content\/uploads\/2023\/05\/Seilpark-Ringe-768x512.jpg 768w, https:\/\/alpinzentrum.ch\/wp-content\/uploads\/2023\/05\/Seilpark-Ringe-1536x1024.jpg 1536w, https:\/\/alpinzentrum.ch\/wp-content\/uploads\/2023\/05\/Seilpark-Ringe-2048x1366.jpg 2048w\" sizes=\"(max-width: 2560px) 100vw, 2560px\" \/>\t\t\t\t\t\t<\/div>\n\t\t\t\t\t\t\t\t\t\t\t\t\t<div class=\"premium-blog-thumbnail-overlay\">\n\t\t\t\t\t\t\t\t<a class=\"elementor-icon\" href=\"https:\/\/alpinzentrum.ch\/fr\/parc-daccrobranche-zweisimmen\/\" target=\"_self\" aria-hidden=\"true\"><span>Parc d&rsquo;accrobranche Zweisimmen<\/span><\/a>\n\t\t\t\t\t\t\t<\/div>\n\n\t\t\t\t\t\t\t\t\t\t\t\t\t\t\t\t\t\t<\/div>\n\t\t\t\t\t\t\t\t\t\t\t\t<div class=\"premium-blog-content-wrapper \">\n\n\t\t\t\t\t<div class=\"premium-blog-inner-container\">\n\n\t\t\t\t\t\t\t\t\t\t\t\t\t<div class=\"premium-blog-cats-container\">\n\t\t\t\t\t\t\t\t<ul class=\"post-categories\">\n\t\t\t\t\t\t\t\t\t<li><a href=\"https:\/\/alpinzentrum.ch\/fr\/category\/grimpe-fr\/\" class=\"elementor-repeater-item-39e9084\">Grimpe<\/a><\/li>\t\t\t\t\t\t\t\t<\/ul>\n\t\t\t\t\t\t\t<\/div>\n\t\t\t\t\t\t\t\t\t\t\t\t\t\t<h2 class=\"premium-blog-entry-title\">\n\t\t\t<a href=\"https:\/\/alpinzentrum.ch\/fr\/parc-daccrobranche-zweisimmen\/\" target=\"_self\">\n\t\t\t\tParc d&rsquo;accrobranche Zweisimmen\t\t\t<\/a>\n\t\t<\/h2>\n\t\t\t\t<div class=\"premium-blog-entry-meta\">\n\t\t\t\n\t\t\t\n\t\t\t\n\t\t\t\t\t<\/div>\n\t\t\n\t\t\t\t\t<\/div>\n\n\t\t\t\t\t\t\t<div class=\"premium-blog-content-inner-wrapper\">\n\t\t<p class=\"premium-blog-post-content\">PARC D&rsquo;ACCROBRANCHE ZWEISIMMEN Le parc d&rsquo;accrobranche de Zweisimmen propose 5 parcours de diff\u00e9rentes difficult\u00e9s. Des ponts de cordes vari\u00e9s, des tyroliennes folles et des \u00e9l\u00e9ments d&rsquo;\u00e9quilibre audacieux mettent les participants au d\u00e9fi \u00e0 des hauteurs de 3 \u00e0 22 m\u00e8tres au-dessus du sol. INFORMATIONS: Zweisimmen Conditions \u00e0 remplir: D\u00e8s 6 ansLes enfants de moins de [&hellip;]<\/p><div class=\"premium-blog-excerpt-link-wrap\"><a href=\"https:\/\/alpinzentrum.ch\/fr\/parc-daccrobranche-zweisimmen\/\" target=\"_self\" class=\"premium-blog-excerpt-link elementor-button\">Plus d'infos \u00bb<\/a><\/div>\t\t<\/div>\n\t\t\t\t\t\t\t\n\t\t\t\t<\/div>\n\t\t\t<\/div>\n\t\t<\/div>\n\n\t\t\t\t<div class=\"premium-blog-post-outer-container eau-fr\" data-total=\"1\">\n\t\t\t<div class=\"premium-blog-post-container premium-blog-skin-side\">\n\t\t\t\t\t\t\t\t\t<div class=\"premium-blog-thumb-effect-wrapper\">\n\t\t\t\t\t\t<div class=\"premium-blog-thumbnail-container premium-blog-zoomin-effect\">\n\t\t\t\t\t\t\t<img width=\"2560\" height=\"1707\" src=\"https:\/\/alpinzentrum.ch\/wp-content\/uploads\/2023\/05\/Rafting-Paddling-scaled.jpg\" class=\"attachment-full size-full wp-image-447\" alt=\"\" decoding=\"async\" srcset=\"https:\/\/alpinzentrum.ch\/wp-content\/uploads\/2023\/05\/Rafting-Paddling-scaled.jpg 2560w, https:\/\/alpinzentrum.ch\/wp-content\/uploads\/2023\/05\/Rafting-Paddling-300x200.jpg 300w, https:\/\/alpinzentrum.ch\/wp-content\/uploads\/2023\/05\/Rafting-Paddling-1024x683.jpg 1024w, https:\/\/alpinzentrum.ch\/wp-content\/uploads\/2023\/05\/Rafting-Paddling-768x512.jpg 768w, https:\/\/alpinzentrum.ch\/wp-content\/uploads\/2023\/05\/Rafting-Paddling-1536x1024.jpg 1536w, https:\/\/alpinzentrum.ch\/wp-content\/uploads\/2023\/05\/Rafting-Paddling-2048x1365.jpg 2048w\" sizes=\"(max-width: 2560px) 100vw, 2560px\" \/>\t\t\t\t\t\t<\/div>\n\t\t\t\t\t\t\t\t\t\t\t\t\t<div class=\"premium-blog-thumbnail-overlay\">\n\t\t\t\t\t\t\t\t<a class=\"elementor-icon\" href=\"https:\/\/alpinzentrum.ch\/fr\/river-rafting-2\/\" target=\"_self\" aria-hidden=\"true\"><span>River Rafting<\/span><\/a>\n\t\t\t\t\t\t\t<\/div>\n\n\t\t\t\t\t\t\t\t\t\t\t\t\t\t\t\t\t\t<\/div>\n\t\t\t\t\t\t\t\t\t\t\t\t<div class=\"premium-blog-content-wrapper \">\n\n\t\t\t\t\t<div class=\"premium-blog-inner-container\">\n\n\t\t\t\t\t\t\t\t\t\t\t\t\t<div class=\"premium-blog-cats-container\">\n\t\t\t\t\t\t\t\t<ul class=\"post-categories\">\n\t\t\t\t\t\t\t\t\t<li><a href=\"https:\/\/alpinzentrum.ch\/fr\/category\/eau-fr\/\" class=\"elementor-repeater-item-39e9084\">Eau<\/a><\/li>\t\t\t\t\t\t\t\t<\/ul>\n\t\t\t\t\t\t\t<\/div>\n\t\t\t\t\t\t\t\t\t\t\t\t\t\t<h2 class=\"premium-blog-entry-title\">\n\t\t\t<a href=\"https:\/\/alpinzentrum.ch\/fr\/river-rafting-2\/\" target=\"_self\">\n\t\t\t\tRiver Rafting\t\t\t<\/a>\n\t\t<\/h2>\n\t\t\t\t<div class=\"premium-blog-entry-meta\">\n\t\t\t\n\t\t\t\n\t\t\t\n\t\t\t\t\t<\/div>\n\t\t\n\t\t\t\t\t<\/div>\n\n\t\t\t\t\t\t\t<div class=\"premium-blog-content-inner-wrapper\">\n\t\t<p class=\"premium-blog-post-content\">RIVER RAFTING Au point de d\u00e9part &#8211; notre base \u00e0 Saanen &#8211; nous commen\u00e7ons notre aventure. Pour la descente sur la rivi\u00e8re, l&rsquo;esprit d&rsquo;\u00e9quipe, la confiance et la coordination sont n\u00e9cessaires. Les amoureux de la nature trouveront leur compte sur la Sarine. INFORMATIONS: River Rafting Saanen &#8211; Ch\u00e2teau d&rsquo;Oex Conditions \u00e0 remplir: D\u00e8s 14 ansSavoir [&hellip;]<\/p><div class=\"premium-blog-excerpt-link-wrap\"><a href=\"https:\/\/alpinzentrum.ch\/fr\/river-rafting-2\/\" target=\"_self\" class=\"premium-blog-excerpt-link elementor-button\">Plus d'infos \u00bb<\/a><\/div>\t\t<\/div>\n\t\t\t\t\t\t\t\n\t\t\t\t<\/div>\n\t\t\t<\/div>\n\t\t<\/div>\n\n\t\t\t\t<div class=\"premium-blog-post-outer-container eau-fr\" data-total=\"1\">\n\t\t\t<div class=\"premium-blog-post-container premium-blog-skin-side\">\n\t\t\t\t\t\t\t\t\t<div class=\"premium-blog-thumb-effect-wrapper\">\n\t\t\t\t\t\t<div class=\"premium-blog-thumbnail-container premium-blog-zoomin-effect\">\n\t\t\t\t\t\t\t<img width=\"2560\" height=\"1707\" src=\"https:\/\/alpinzentrum.ch\/wp-content\/uploads\/2023\/05\/La-Tine-Guide-Sprung-dumps-up-scaled.jpg\" class=\"attachment-full size-full wp-image-425\" alt=\"\" decoding=\"async\" srcset=\"https:\/\/alpinzentrum.ch\/wp-content\/uploads\/2023\/05\/La-Tine-Guide-Sprung-dumps-up-scaled.jpg 2560w, https:\/\/alpinzentrum.ch\/wp-content\/uploads\/2023\/05\/La-Tine-Guide-Sprung-dumps-up-300x200.jpg 300w, https:\/\/alpinzentrum.ch\/wp-content\/uploads\/2023\/05\/La-Tine-Guide-Sprung-dumps-up-1024x683.jpg 1024w, https:\/\/alpinzentrum.ch\/wp-content\/uploads\/2023\/05\/La-Tine-Guide-Sprung-dumps-up-768x512.jpg 768w, https:\/\/alpinzentrum.ch\/wp-content\/uploads\/2023\/05\/La-Tine-Guide-Sprung-dumps-up-1536x1024.jpg 1536w, https:\/\/alpinzentrum.ch\/wp-content\/uploads\/2023\/05\/La-Tine-Guide-Sprung-dumps-up-2048x1365.jpg 2048w\" sizes=\"(max-width: 2560px) 100vw, 2560px\" \/>\t\t\t\t\t\t<\/div>\n\t\t\t\t\t\t\t\t\t\t\t\t\t<div class=\"premium-blog-thumbnail-overlay\">\n\t\t\t\t\t\t\t\t<a class=\"elementor-icon\" href=\"https:\/\/alpinzentrum.ch\/fr\/water-experience\/\" target=\"_self\" aria-hidden=\"true\"><span>Water Experience<\/span><\/a>\n\t\t\t\t\t\t\t<\/div>\n\n\t\t\t\t\t\t\t\t\t\t\t\t\t\t\t\t\t\t<\/div>\n\t\t\t\t\t\t\t\t\t\t\t\t<div class=\"premium-blog-content-wrapper \">\n\n\t\t\t\t\t<div class=\"premium-blog-inner-container\">\n\n\t\t\t\t\t\t\t\t\t\t\t\t\t<div class=\"premium-blog-cats-container\">\n\t\t\t\t\t\t\t\t<ul class=\"post-categories\">\n\t\t\t\t\t\t\t\t\t<li><a href=\"https:\/\/alpinzentrum.ch\/fr\/category\/eau-fr\/\" class=\"elementor-repeater-item-39e9084\">Eau<\/a><\/li>\t\t\t\t\t\t\t\t<\/ul>\n\t\t\t\t\t\t\t<\/div>\n\t\t\t\t\t\t\t\t\t\t\t\t\t\t<h2 class=\"premium-blog-entry-title\">\n\t\t\t<a href=\"https:\/\/alpinzentrum.ch\/fr\/water-experience\/\" target=\"_self\">\n\t\t\t\tWater Experience\t\t\t<\/a>\n\t\t<\/h2>\n\t\t\t\t<div class=\"premium-blog-entry-meta\">\n\t\t\t\n\t\t\t\n\t\t\t\n\t\t\t\t\t<\/div>\n\t\t\n\t\t\t\t\t<\/div>\n\n\t\t\t\t\t\t\t<div class=\"premium-blog-content-inner-wrapper\">\n\t\t<p class=\"premium-blog-post-content\">WATER EXPERIENCE Vivez une aventure aquatique inoubliable, traversez de petits canyons et baignez-vous dans des piscines naturelles. L\u2019alternance entre la randonn\u00e9e aquatique le long du lit du ruisseau et les sauts dans l\u2019eau fra\u00eeche fait battre le coeur. Laissez-vous porter par l&rsquo;eau et profitez de la nature sous un nouveau jour. INFORMATIONS: La Tine lower [&hellip;]<\/p><div class=\"premium-blog-excerpt-link-wrap\"><a href=\"https:\/\/alpinzentrum.ch\/fr\/water-experience\/\" target=\"_self\" class=\"premium-blog-excerpt-link elementor-button\">Plus d'infos \u00bb<\/a><\/div>\t\t<\/div>\n\t\t\t\t\t\t\t\n\t\t\t\t<\/div>\n\t\t\t<\/div>\n\t\t<\/div>\n\n\t\t\t\t<div class=\"premium-blog-post-outer-container eau-fr\" data-total=\"1\">\n\t\t\t<div class=\"premium-blog-post-container premium-blog-skin-side\">\n\t\t\t\t\t\t\t\t\t<div class=\"premium-blog-thumb-effect-wrapper\">\n\t\t\t\t\t\t<div class=\"premium-blog-thumbnail-container premium-blog-zoomin-effect\">\n\t\t\t\t\t\t\t<img loading=\"lazy\" width=\"2560\" height=\"1707\" src=\"https:\/\/alpinzentrum.ch\/wp-content\/uploads\/2024\/05\/Canyoning-Zweisimmen-Rutsche-vorwaerts-Querformat-scaled.jpg\" class=\"attachment-full size-full wp-image-1980\" alt=\"\" decoding=\"async\" srcset=\"https:\/\/alpinzentrum.ch\/wp-content\/uploads\/2024\/05\/Canyoning-Zweisimmen-Rutsche-vorwaerts-Querformat-scaled.jpg 2560w, https:\/\/alpinzentrum.ch\/wp-content\/uploads\/2024\/05\/Canyoning-Zweisimmen-Rutsche-vorwaerts-Querformat-300x200.jpg 300w, https:\/\/alpinzentrum.ch\/wp-content\/uploads\/2024\/05\/Canyoning-Zweisimmen-Rutsche-vorwaerts-Querformat-1024x683.jpg 1024w, https:\/\/alpinzentrum.ch\/wp-content\/uploads\/2024\/05\/Canyoning-Zweisimmen-Rutsche-vorwaerts-Querformat-768x512.jpg 768w, https:\/\/alpinzentrum.ch\/wp-content\/uploads\/2024\/05\/Canyoning-Zweisimmen-Rutsche-vorwaerts-Querformat-1536x1024.jpg 1536w, https:\/\/alpinzentrum.ch\/wp-content\/uploads\/2024\/05\/Canyoning-Zweisimmen-Rutsche-vorwaerts-Querformat-2048x1366.jpg 2048w\" sizes=\"(max-width: 2560px) 100vw, 2560px\" \/>\t\t\t\t\t\t<\/div>\n\t\t\t\t\t\t\t\t\t\t\t\t\t<div class=\"premium-blog-thumbnail-overlay\">\n\t\t\t\t\t\t\t\t<a class=\"elementor-icon\" href=\"https:\/\/alpinzentrum.ch\/fr\/canyoning\/\" target=\"_self\" aria-hidden=\"true\"><span>Canyoning<\/span><\/a>\n\t\t\t\t\t\t\t<\/div>\n\n\t\t\t\t\t\t\t\t\t\t\t\t\t\t\t\t\t\t<\/div>\n\t\t\t\t\t\t\t\t\t\t\t\t<div class=\"premium-blog-content-wrapper \">\n\n\t\t\t\t\t<div class=\"premium-blog-inner-container\">\n\n\t\t\t\t\t\t\t\t\t\t\t\t\t<div class=\"premium-blog-cats-container\">\n\t\t\t\t\t\t\t\t<ul class=\"post-categories\">\n\t\t\t\t\t\t\t\t\t<li><a href=\"https:\/\/alpinzentrum.ch\/fr\/category\/eau-fr\/\" class=\"elementor-repeater-item-39e9084\">Eau<\/a><\/li>\t\t\t\t\t\t\t\t<\/ul>\n\t\t\t\t\t\t\t<\/div>\n\t\t\t\t\t\t\t\t\t\t\t\t\t\t<h2 class=\"premium-blog-entry-title\">\n\t\t\t<a href=\"https:\/\/alpinzentrum.ch\/fr\/canyoning\/\" target=\"_self\">\n\t\t\t\tCanyoning\t\t\t<\/a>\n\t\t<\/h2>\n\t\t\t\t<div class=\"premium-blog-entry-meta\">\n\t\t\t\n\t\t\t\n\t\t\t\n\t\t\t\t\t<\/div>\n\t\t\n\t\t\t\t\t<\/div>\n\n\t\t\t\t\t\t\t<div class=\"premium-blog-content-inner-wrapper\">\n\t\t<p class=\"premium-blog-post-content\">CANYONING D\u00e9couvre de mani\u00e8re ludique les gorges profond\u00e9ment creus\u00e9es de nos torrents de montagne. Franchis de petites cascades, saute des piscines bleues et laisse-toi porter vers la vall\u00e9e par les eaux vives. INFORMATIONS: Canyoning La Tine Conditions \u00e0 remplir: D\u00e9butant D\u00e8s 12 ans Savoir nager Dur\u00e9e: 3 &#8211; 4 heures Horaires: Entre 08.00h &#8211; 12.00h [&hellip;]<\/p><div class=\"premium-blog-excerpt-link-wrap\"><a href=\"https:\/\/alpinzentrum.ch\/fr\/canyoning\/\" target=\"_self\" class=\"premium-blog-excerpt-link elementor-button\">Plus d'infos \u00bb<\/a><\/div>\t\t<\/div>\n\t\t\t\t\t\t\t\n\t\t\t\t<\/div>\n\t\t\t<\/div>\n\t\t<\/div>\n\n\t\t\t\t<div class=\"premium-blog-post-outer-container grimpe-fr\" data-total=\"1\">\n\t\t\t<div class=\"premium-blog-post-container premium-blog-skin-side\">\n\t\t\t\t\t\t\t\t\t<div class=\"premium-blog-thumb-effect-wrapper\">\n\t\t\t\t\t\t<div class=\"premium-blog-thumbnail-container premium-blog-zoomin-effect\">\n\t\t\t\t\t\t\t<img loading=\"lazy\" width=\"2560\" height=\"1707\" src=\"https:\/\/alpinzentrum.ch\/wp-content\/uploads\/2024\/05\/alpinzentrum-indianajones-1062-5635-scaled.jpg\" class=\"attachment-full size-full wp-image-2063\" alt=\"\" decoding=\"async\" srcset=\"https:\/\/alpinzentrum.ch\/wp-content\/uploads\/2024\/05\/alpinzentrum-indianajones-1062-5635-scaled.jpg 2560w, https:\/\/alpinzentrum.ch\/wp-content\/uploads\/2024\/05\/alpinzentrum-indianajones-1062-5635-300x200.jpg 300w, https:\/\/alpinzentrum.ch\/wp-content\/uploads\/2024\/05\/alpinzentrum-indianajones-1062-5635-1024x683.jpg 1024w, https:\/\/alpinzentrum.ch\/wp-content\/uploads\/2024\/05\/alpinzentrum-indianajones-1062-5635-768x512.jpg 768w, https:\/\/alpinzentrum.ch\/wp-content\/uploads\/2024\/05\/alpinzentrum-indianajones-1062-5635-1536x1024.jpg 1536w, https:\/\/alpinzentrum.ch\/wp-content\/uploads\/2024\/05\/alpinzentrum-indianajones-1062-5635-2048x1365.jpg 2048w\" sizes=\"(max-width: 2560px) 100vw, 2560px\" \/>\t\t\t\t\t\t<\/div>\n\t\t\t\t\t\t\t\t\t\t\t\t\t<div class=\"premium-blog-thumbnail-overlay\">\n\t\t\t\t\t\t\t\t<a class=\"elementor-icon\" href=\"https:\/\/alpinzentrum.ch\/fr\/via-ferrata-indiana-jones-trail\/\" target=\"_self\" aria-hidden=\"true\"><span>Via Ferrata Indiana Jones Trail<\/span><\/a>\n\t\t\t\t\t\t\t<\/div>\n\n\t\t\t\t\t\t\t\t\t\t\t\t\t\t\t\t\t\t<\/div>\n\t\t\t\t\t\t\t\t\t\t\t\t<div class=\"premium-blog-content-wrapper \">\n\n\t\t\t\t\t<div class=\"premium-blog-inner-container\">\n\n\t\t\t\t\t\t\t\t\t\t\t\t\t<div class=\"premium-blog-cats-container\">\n\t\t\t\t\t\t\t\t<ul class=\"post-categories\">\n\t\t\t\t\t\t\t\t\t<li><a href=\"https:\/\/alpinzentrum.ch\/fr\/category\/grimpe-fr\/\" class=\"elementor-repeater-item-39e9084\">Grimpe<\/a><\/li>\t\t\t\t\t\t\t\t<\/ul>\n\t\t\t\t\t\t\t<\/div>\n\t\t\t\t\t\t\t\t\t\t\t\t\t\t<h2 class=\"premium-blog-entry-title\">\n\t\t\t<a href=\"https:\/\/alpinzentrum.ch\/fr\/via-ferrata-indiana-jones-trail\/\" target=\"_self\">\n\t\t\t\tVia Ferrata Indiana Jones Trail\t\t\t<\/a>\n\t\t<\/h2>\n\t\t\t\t<div class=\"premium-blog-entry-meta\">\n\t\t\t\n\t\t\t\n\t\t\t\n\t\t\t\t\t<\/div>\n\t\t\n\t\t\t\t\t<\/div>\n\n\t\t\t\t\t\t\t<div class=\"premium-blog-content-inner-wrapper\">\n\t\t<p class=\"premium-blog-post-content\">INDIANA JONES TRAIL Sur l&rsquo;Indiana Jones Trail, ton d&rsquo;adr\u00e9naline monte. Vivez des heures d&rsquo;aventure autour du Hornberg, qui offre l&rsquo;une des plus belles vues du Saanenland. Qu&rsquo;il s&rsquo;agisse de venir \u00e0 bout de la Via Ferrata, de franchir la tyrolienne ou de descendre en rappel une paroi rocheuse de 30 m\u00e8tres de haut, le plaisir [&hellip;]<\/p><div class=\"premium-blog-excerpt-link-wrap\"><a href=\"https:\/\/alpinzentrum.ch\/fr\/via-ferrata-indiana-jones-trail\/\" target=\"_self\" class=\"premium-blog-excerpt-link elementor-button\">Plus d'infos \u00bb<\/a><\/div>\t\t<\/div>\n\t\t\t\t\t\t\t\n\t\t\t\t<\/div>\n\t\t\t<\/div>\n\t\t<\/div>\n\n\t\t\t\t<div class=\"premium-blog-post-outer-container grimpe-fr\" data-total=\"1\">\n\t\t\t<div class=\"premium-blog-post-container premium-blog-skin-side\">\n\t\t\t\t\t\t\t\t\t<div class=\"premium-blog-thumb-effect-wrapper\">\n\t\t\t\t\t\t<div class=\"premium-blog-thumbnail-container premium-blog-zoomin-effect\">\n\t\t\t\t\t\t\t<img loading=\"lazy\" width=\"2560\" height=\"1707\" src=\"https:\/\/alpinzentrum.ch\/wp-content\/uploads\/2024\/05\/alpinzentrum-rstipark-211-4634-scaled.jpg\" class=\"attachment-full size-full wp-image-2040\" alt=\"\" decoding=\"async\" srcset=\"https:\/\/alpinzentrum.ch\/wp-content\/uploads\/2024\/05\/alpinzentrum-rstipark-211-4634-scaled.jpg 2560w, https:\/\/alpinzentrum.ch\/wp-content\/uploads\/2024\/05\/alpinzentrum-rstipark-211-4634-300x200.jpg 300w, https:\/\/alpinzentrum.ch\/wp-content\/uploads\/2024\/05\/alpinzentrum-rstipark-211-4634-1024x683.jpg 1024w, https:\/\/alpinzentrum.ch\/wp-content\/uploads\/2024\/05\/alpinzentrum-rstipark-211-4634-768x512.jpg 768w, https:\/\/alpinzentrum.ch\/wp-content\/uploads\/2024\/05\/alpinzentrum-rstipark-211-4634-1536x1024.jpg 1536w, https:\/\/alpinzentrum.ch\/wp-content\/uploads\/2024\/05\/alpinzentrum-rstipark-211-4634-2048x1365.jpg 2048w\" sizes=\"(max-width: 2560px) 100vw, 2560px\" \/>\t\t\t\t\t\t<\/div>\n\t\t\t\t\t\t\t\t\t\t\t\t\t<div class=\"premium-blog-thumbnail-overlay\">\n\t\t\t\t\t\t\t\t<a class=\"elementor-icon\" href=\"https:\/\/alpinzentrum.ch\/fr\/grimpe\/\" target=\"_self\" aria-hidden=\"true\"><span>Grimpe<\/span><\/a>\n\t\t\t\t\t\t\t<\/div>\n\n\t\t\t\t\t\t\t\t\t\t\t\t\t\t\t\t\t\t<\/div>\n\t\t\t\t\t\t\t\t\t\t\t\t<div class=\"premium-blog-content-wrapper \">\n\n\t\t\t\t\t<div class=\"premium-blog-inner-container\">\n\n\t\t\t\t\t\t\t\t\t\t\t\t\t<div class=\"premium-blog-cats-container\">\n\t\t\t\t\t\t\t\t<ul class=\"post-categories\">\n\t\t\t\t\t\t\t\t\t<li><a href=\"https:\/\/alpinzentrum.ch\/fr\/category\/grimpe-fr\/\" class=\"elementor-repeater-item-39e9084\">Grimpe<\/a><\/li>\t\t\t\t\t\t\t\t<\/ul>\n\t\t\t\t\t\t\t<\/div>\n\t\t\t\t\t\t\t\t\t\t\t\t\t\t<h2 class=\"premium-blog-entry-title\">\n\t\t\t<a href=\"https:\/\/alpinzentrum.ch\/fr\/grimpe\/\" target=\"_self\">\n\t\t\t\tGrimpe\t\t\t<\/a>\n\t\t<\/h2>\n\t\t\t\t<div class=\"premium-blog-entry-meta\">\n\t\t\t\n\t\t\t\n\t\t\t\n\t\t\t\t\t<\/div>\n\t\t\n\t\t\t\t\t<\/div>\n\n\t\t\t\t\t\t\t<div class=\"premium-blog-content-inner-wrapper\">\n\t\t<p class=\"premium-blog-post-content\">GRIMPE Apprendre de nouveaux mouvements, improviser rapidement, d\u00e9velopper et construire son propre style. Toute la concentration est dirig\u00e9e vers la prise suivante et mouvement d&rsquo;escaladed qui s&rsquo;ensuit. Assur\u00e9 et encadr\u00e9 par un guide, vous d\u00e9passerez vos limites et conna\u00eetrez un sentiment de bonheur indescriptible. INFORMATIONS: R\u00e9gion Gstaad ou Pays d&rsquo;Enhaut Conditions \u00e0 remplir: D\u00e8s 6 [&hellip;]<\/p><div class=\"premium-blog-excerpt-link-wrap\"><a href=\"https:\/\/alpinzentrum.ch\/fr\/grimpe\/\" target=\"_self\" class=\"premium-blog-excerpt-link elementor-button\">Plus d'infos \u00bb<\/a><\/div>\t\t<\/div>\n\t\t\t\t\t\t\t\n\t\t\t\t<\/div>\n\t\t\t<\/div>\n\t\t<\/div>\n\n\t\t\t\t<div class=\"premium-blog-post-outer-container grimpe-fr\" data-total=\"1\">\n\t\t\t<div class=\"premium-blog-post-container premium-blog-skin-side\">\n\t\t\t\t\t\t\t\t\t<div class=\"premium-blog-thumb-effect-wrapper\">\n\t\t\t\t\t\t<div class=\"premium-blog-thumbnail-container premium-blog-zoomin-effect\">\n\t\t\t\t\t\t\t<img loading=\"lazy\" width=\"2560\" height=\"1707\" src=\"https:\/\/alpinzentrum.ch\/wp-content\/uploads\/2024\/05\/Gstaadermesse2_19-scaled.jpg\" class=\"attachment-full size-full wp-image-2112\" alt=\"\" decoding=\"async\" srcset=\"https:\/\/alpinzentrum.ch\/wp-content\/uploads\/2024\/05\/Gstaadermesse2_19-scaled.jpg 2560w, https:\/\/alpinzentrum.ch\/wp-content\/uploads\/2024\/05\/Gstaadermesse2_19-300x200.jpg 300w, https:\/\/alpinzentrum.ch\/wp-content\/uploads\/2024\/05\/Gstaadermesse2_19-1024x683.jpg 1024w, https:\/\/alpinzentrum.ch\/wp-content\/uploads\/2024\/05\/Gstaadermesse2_19-768x512.jpg 768w, https:\/\/alpinzentrum.ch\/wp-content\/uploads\/2024\/05\/Gstaadermesse2_19-1536x1024.jpg 1536w, https:\/\/alpinzentrum.ch\/wp-content\/uploads\/2024\/05\/Gstaadermesse2_19-2048x1365.jpg 2048w\" sizes=\"(max-width: 2560px) 100vw, 2560px\" \/>\t\t\t\t\t\t<\/div>\n\t\t\t\t\t\t\t\t\t\t\t\t\t<div class=\"premium-blog-thumbnail-overlay\">\n\t\t\t\t\t\t\t\t<a class=\"elementor-icon\" href=\"https:\/\/alpinzentrum.ch\/fr\/mur-de-grimpe-mobile\/\" target=\"_self\" aria-hidden=\"true\"><span>Mur de grimpe mobile<\/span><\/a>\n\t\t\t\t\t\t\t<\/div>\n\n\t\t\t\t\t\t\t\t\t\t\t\t\t\t\t\t\t\t<\/div>\n\t\t\t\t\t\t\t\t\t\t\t\t<div class=\"premium-blog-content-wrapper \">\n\n\t\t\t\t\t<div class=\"premium-blog-inner-container\">\n\n\t\t\t\t\t\t\t\t\t\t\t\t\t<div class=\"premium-blog-cats-container\">\n\t\t\t\t\t\t\t\t<ul class=\"post-categories\">\n\t\t\t\t\t\t\t\t\t<li><a href=\"https:\/\/alpinzentrum.ch\/fr\/category\/grimpe-fr\/\" class=\"elementor-repeater-item-39e9084\">Grimpe<\/a><\/li>\t\t\t\t\t\t\t\t<\/ul>\n\t\t\t\t\t\t\t<\/div>\n\t\t\t\t\t\t\t\t\t\t\t\t\t\t<h2 class=\"premium-blog-entry-title\">\n\t\t\t<a href=\"https:\/\/alpinzentrum.ch\/fr\/mur-de-grimpe-mobile\/\" target=\"_self\">\n\t\t\t\tMur de grimpe mobile\t\t\t<\/a>\n\t\t<\/h2>\n\t\t\t\t<div class=\"premium-blog-entry-meta\">\n\t\t\t\n\t\t\t\n\t\t\t\n\t\t\t\t\t<\/div>\n\t\t\n\t\t\t\t\t<\/div>\n\n\t\t\t\t\t\t\t<div class=\"premium-blog-content-inner-wrapper\">\n\t\t<p class=\"premium-blog-post-content\">MUR DE GRIMPE MOBILE L&rsquo;escalade sportive est un sport fascinant. Notre mur d&rsquo;escalade reproduit visuellement la structure naturelle de la roche. Le mur d&rsquo;escalade comporte quatre voies de diff\u00e9rents niveaux de difficult\u00e9, qui peuvent \u00eatre escalad\u00e9es simultan\u00e9ment. Les grimpeurs sont assur\u00e9s par un sp\u00e9cilaliste de l&rsquo;escalade ou par un accompagnateur. Le syst\u00e8me d&rsquo;assurage ing\u00e9nieux absorbe [&hellip;]<\/p><div class=\"premium-blog-excerpt-link-wrap\"><a href=\"https:\/\/alpinzentrum.ch\/fr\/mur-de-grimpe-mobile\/\" target=\"_self\" class=\"premium-blog-excerpt-link elementor-button\">Plus d'infos \u00bb<\/a><\/div>\t\t<\/div>\n\t\t\t\t\t\t\t\n\t\t\t\t<\/div>\n\t\t\t<\/div>\n\t\t<\/div>\n\n\t\t\t\t<div class=\"premium-blog-post-outer-container tour-fr\" data-total=\"1\">\n\t\t\t<div class=\"premium-blog-post-container premium-blog-skin-side\">\n\t\t\t\t\t\t\t\t\t<div class=\"premium-blog-thumb-effect-wrapper\">\n\t\t\t\t\t\t<div class=\"premium-blog-thumbnail-container premium-blog-zoomin-effect\">\n\t\t\t\t\t\t\t<img loading=\"lazy\" width=\"2560\" height=\"1707\" src=\"https:\/\/alpinzentrum.ch\/wp-content\/uploads\/2024\/05\/alpinzentrum-indianajones-1214-5773-scaled.jpg\" class=\"attachment-full size-full wp-image-2453\" alt=\"\" decoding=\"async\" srcset=\"https:\/\/alpinzentrum.ch\/wp-content\/uploads\/2024\/05\/alpinzentrum-indianajones-1214-5773-scaled.jpg 2560w, https:\/\/alpinzentrum.ch\/wp-content\/uploads\/2024\/05\/alpinzentrum-indianajones-1214-5773-300x200.jpg 300w, https:\/\/alpinzentrum.ch\/wp-content\/uploads\/2024\/05\/alpinzentrum-indianajones-1214-5773-1024x683.jpg 1024w, https:\/\/alpinzentrum.ch\/wp-content\/uploads\/2024\/05\/alpinzentrum-indianajones-1214-5773-768x512.jpg 768w, https:\/\/alpinzentrum.ch\/wp-content\/uploads\/2024\/05\/alpinzentrum-indianajones-1214-5773-1536x1024.jpg 1536w, https:\/\/alpinzentrum.ch\/wp-content\/uploads\/2024\/05\/alpinzentrum-indianajones-1214-5773-2048x1365.jpg 2048w\" sizes=\"(max-width: 2560px) 100vw, 2560px\" \/>\t\t\t\t\t\t<\/div>\n\t\t\t\t\t\t\t\t\t\t\t\t\t<div class=\"premium-blog-thumbnail-overlay\">\n\t\t\t\t\t\t\t\t<a class=\"elementor-icon\" href=\"https:\/\/alpinzentrum.ch\/fr\/randonnee\/\" target=\"_self\" aria-hidden=\"true\"><span>Tour en montagne<\/span><\/a>\n\t\t\t\t\t\t\t<\/div>\n\n\t\t\t\t\t\t\t\t\t\t\t\t\t\t\t\t\t\t<\/div>\n\t\t\t\t\t\t\t\t\t\t\t\t<div class=\"premium-blog-content-wrapper \">\n\n\t\t\t\t\t<div class=\"premium-blog-inner-container\">\n\n\t\t\t\t\t\t\t\t\t\t\t\t\t<div class=\"premium-blog-cats-container\">\n\t\t\t\t\t\t\t\t<ul class=\"post-categories\">\n\t\t\t\t\t\t\t\t\t<li><a href=\"https:\/\/alpinzentrum.ch\/fr\/category\/tour-fr\/\" class=\"elementor-repeater-item-39e9084\">Tour<\/a><\/li>\t\t\t\t\t\t\t\t<\/ul>\n\t\t\t\t\t\t\t<\/div>\n\t\t\t\t\t\t\t\t\t\t\t\t\t\t<h2 class=\"premium-blog-entry-title\">\n\t\t\t<a href=\"https:\/\/alpinzentrum.ch\/fr\/randonnee\/\" target=\"_self\">\n\t\t\t\tTour en montagne\t\t\t<\/a>\n\t\t<\/h2>\n\t\t\t\t<div class=\"premium-blog-entry-meta\">\n\t\t\t\n\t\t\t\n\t\t\t\n\t\t\t\t\t<\/div>\n\t\t\n\t\t\t\t\t<\/div>\n\n\t\t\t\t\t\t\t<div class=\"premium-blog-content-inner-wrapper\">\n\t\t<p class=\"premium-blog-post-content\">TOUR EN MONTAGNE En \u00e9t\u00e9, nous proposons divers cours de formation en rocher et en glace ainsi que des excursions allant des randonn\u00e9es alpines aux excursions sur glacier en passant par des courses d&rsquo;alpinisme difficiles. INFORMATIONS: Condition \u00e0 remplir: D\u00e8s 8 ans Horaires: Entre 08.00h \u2013 12.00h ou 13.30h \u2013 17.30h Point de rencontre: Base [&hellip;]<\/p><div class=\"premium-blog-excerpt-link-wrap\"><a href=\"https:\/\/alpinzentrum.ch\/fr\/randonnee\/\" target=\"_self\" class=\"premium-blog-excerpt-link elementor-button\">Plus d'infos \u00bb<\/a><\/div>\t\t<\/div>\n\t\t\t\t\t\t\t\n\t\t\t\t<\/div>\n\t\t\t<\/div>\n\t\t<\/div>\n\n\t\t\t\t<div class=\"premium-blog-post-outer-container tour-fr\" data-total=\"1\">\n\t\t\t<div class=\"premium-blog-post-container premium-blog-skin-side\">\n\t\t\t\t\t\t\t\t\t<div class=\"premium-blog-thumb-effect-wrapper\">\n\t\t\t\t\t\t<div class=\"premium-blog-thumbnail-container premium-blog-zoomin-effect\">\n\t\t\t\t\t\t\t<img loading=\"lazy\" width=\"2560\" height=\"1707\" src=\"https:\/\/alpinzentrum.ch\/wp-content\/uploads\/2024\/05\/alpinzentrum-indianajones-1249-0926-scaled.jpg\" class=\"attachment-full size-full wp-image-3066\" alt=\"\" decoding=\"async\" srcset=\"https:\/\/alpinzentrum.ch\/wp-content\/uploads\/2024\/05\/alpinzentrum-indianajones-1249-0926-scaled.jpg 2560w, https:\/\/alpinzentrum.ch\/wp-content\/uploads\/2024\/05\/alpinzentrum-indianajones-1249-0926-300x200.jpg 300w, https:\/\/alpinzentrum.ch\/wp-content\/uploads\/2024\/05\/alpinzentrum-indianajones-1249-0926-1024x683.jpg 1024w, https:\/\/alpinzentrum.ch\/wp-content\/uploads\/2024\/05\/alpinzentrum-indianajones-1249-0926-768x512.jpg 768w, https:\/\/alpinzentrum.ch\/wp-content\/uploads\/2024\/05\/alpinzentrum-indianajones-1249-0926-1536x1024.jpg 1536w, https:\/\/alpinzentrum.ch\/wp-content\/uploads\/2024\/05\/alpinzentrum-indianajones-1249-0926-2048x1365.jpg 2048w\" sizes=\"(max-width: 2560px) 100vw, 2560px\" \/>\t\t\t\t\t\t<\/div>\n\t\t\t\t\t\t\t\t\t\t\t\t\t<div class=\"premium-blog-thumbnail-overlay\">\n\t\t\t\t\t\t\t\t<a class=\"elementor-icon\" href=\"https:\/\/alpinzentrum.ch\/fr\/randonnee-2\/\" target=\"_self\" aria-hidden=\"true\"><span>Randonn\u00e9e<\/span><\/a>\n\t\t\t\t\t\t\t<\/div>\n\n\t\t\t\t\t\t\t\t\t\t\t\t\t\t\t\t\t\t<\/div>\n\t\t\t\t\t\t\t\t\t\t\t\t<div class=\"premium-blog-content-wrapper \">\n\n\t\t\t\t\t<div class=\"premium-blog-inner-container\">\n\n\t\t\t\t\t\t\t\t\t\t\t\t\t<div class=\"premium-blog-cats-container\">\n\t\t\t\t\t\t\t\t<ul class=\"post-categories\">\n\t\t\t\t\t\t\t\t\t<li><a href=\"https:\/\/alpinzentrum.ch\/fr\/category\/tour-fr\/\" class=\"elementor-repeater-item-39e9084\">Tour<\/a><\/li>\t\t\t\t\t\t\t\t<\/ul>\n\t\t\t\t\t\t\t<\/div>\n\t\t\t\t\t\t\t\t\t\t\t\t\t\t<h2 class=\"premium-blog-entry-title\">\n\t\t\t<a href=\"https:\/\/alpinzentrum.ch\/fr\/randonnee-2\/\" target=\"_self\">\n\t\t\t\tRandonn\u00e9e\t\t\t<\/a>\n\t\t<\/h2>\n\t\t\t\t<div class=\"premium-blog-entry-meta\">\n\t\t\t\n\t\t\t\n\t\t\t\n\t\t\t\t\t<\/div>\n\t\t\n\t\t\t\t\t<\/div>\n\n\t\t\t\t\t\t\t<div class=\"premium-blog-content-inner-wrapper\">\n\t\t<p class=\"premium-blog-post-content\">RANDONN\u00c9E Profitez sans souci de l&rsquo;air frais des Alpes de nos montagnes. La randonn\u00e9e est men\u00e9e par notre guides qui connaissent les plus beaux endroits de la r\u00e9gion. Les circuits traversent des paysages intacts et passent devant des lacs de montagne et d&rsquo;imposantes cascades. Revigor\u00e9s et avec une \u00e9nergie nouvelle, vous poursuivez votre randonn\u00e9e apr\u00e8s [&hellip;]<\/p><div class=\"premium-blog-excerpt-link-wrap\"><a href=\"https:\/\/alpinzentrum.ch\/fr\/randonnee-2\/\" target=\"_self\" class=\"premium-blog-excerpt-link elementor-button\">Plus d'infos \u00bb<\/a><\/div>\t\t<\/div>\n\t\t\t\t\t\t\t\n\t\t\t\t<\/div>\n\t\t\t<\/div>\n\t\t<\/div>\n\n\t\t\t\t<div class=\"premium-blog-post-outer-container tour-fr\" data-total=\"1\">\n\t\t\t<div class=\"premium-blog-post-container premium-blog-skin-side\">\n\t\t\t\t\t\t\t\t\t<div class=\"premium-blog-thumb-effect-wrapper\">\n\t\t\t\t\t\t<div class=\"premium-blog-thumbnail-container premium-blog-zoomin-effect\">\n\t\t\t\t\t\t\t<img loading=\"lazy\" width=\"800\" height=\"533\" src=\"https:\/\/alpinzentrum.ch\/wp-content\/uploads\/2023\/05\/Bike-Claude-in-Action3.png\" class=\"attachment-full size-full wp-image-495\" alt=\"\" decoding=\"async\" srcset=\"https:\/\/alpinzentrum.ch\/wp-content\/uploads\/2023\/05\/Bike-Claude-in-Action3.png 800w, https:\/\/alpinzentrum.ch\/wp-content\/uploads\/2023\/05\/Bike-Claude-in-Action3-300x200.png 300w, https:\/\/alpinzentrum.ch\/wp-content\/uploads\/2023\/05\/Bike-Claude-in-Action3-768x512.png 768w\" sizes=\"(max-width: 800px) 100vw, 800px\" \/>\t\t\t\t\t\t<\/div>\n\t\t\t\t\t\t\t\t\t\t\t\t\t<div class=\"premium-blog-thumbnail-overlay\">\n\t\t\t\t\t\t\t\t<a class=\"elementor-icon\" href=\"https:\/\/alpinzentrum.ch\/fr\/bike-tour\/\" target=\"_self\" aria-hidden=\"true\"><span>Bike Tour<\/span><\/a>\n\t\t\t\t\t\t\t<\/div>\n\n\t\t\t\t\t\t\t\t\t\t\t\t\t\t\t\t\t\t<\/div>\n\t\t\t\t\t\t\t\t\t\t\t\t<div class=\"premium-blog-content-wrapper \">\n\n\t\t\t\t\t<div class=\"premium-blog-inner-container\">\n\n\t\t\t\t\t\t\t\t\t\t\t\t\t<div class=\"premium-blog-cats-container\">\n\t\t\t\t\t\t\t\t<ul class=\"post-categories\">\n\t\t\t\t\t\t\t\t\t<li><a href=\"https:\/\/alpinzentrum.ch\/fr\/category\/tour-fr\/\" class=\"elementor-repeater-item-39e9084\">Tour<\/a><\/li>\t\t\t\t\t\t\t\t<\/ul>\n\t\t\t\t\t\t\t<\/div>\n\t\t\t\t\t\t\t\t\t\t\t\t\t\t<h2 class=\"premium-blog-entry-title\">\n\t\t\t<a href=\"https:\/\/alpinzentrum.ch\/fr\/bike-tour\/\" target=\"_self\">\n\t\t\t\tBike Tour\t\t\t<\/a>\n\t\t<\/h2>\n\t\t\t\t<div class=\"premium-blog-entry-meta\">\n\t\t\t\n\t\t\t\n\t\t\t\n\t\t\t\t\t<\/div>\n\t\t\n\t\t\t\t\t<\/div>\n\n\t\t\t\t\t\t\t<div class=\"premium-blog-content-inner-wrapper\">\n\t\t<p class=\"premium-blog-post-content\">BIKE TOUR Aimeriez-vous explorer les plus beaux trac\u00e9s de la r\u00e9gion avec un de nos guides locaux et am\u00e9liorer votre technique ? Nos guides de v\u00e9lo form\u00e9s vous accompagnent et vous conseillent volontiers ! INFORMATIONS: R\u00e9gion Gstaad Condition \u00e0 remplir: D\u00e8s 8 ans Horaires: Entre 08.00h \u2013 12.00h ou 13.30h \u2013 17.30h Point de rencontre: [&hellip;]<\/p><div class=\"premium-blog-excerpt-link-wrap\"><a href=\"https:\/\/alpinzentrum.ch\/fr\/bike-tour\/\" target=\"_self\" class=\"premium-blog-excerpt-link elementor-button\">Plus d'infos \u00bb<\/a><\/div>\t\t<\/div>\n\t\t\t\t\t\t\t\n\t\t\t\t<\/div>\n\t\t\t<\/div>\n\t\t<\/div>\n\n\t\t\t\t<div class=\"premium-blog-post-outer-container tour-fr\" data-total=\"1\">\n\t\t\t<div class=\"premium-blog-post-container premium-blog-skin-side\">\n\t\t\t\t\t\t\t\t\t<div class=\"premium-blog-thumb-effect-wrapper\">\n\t\t\t\t\t\t<div class=\"premium-blog-thumbnail-container premium-blog-zoomin-effect\">\n\t\t\t\t\t\t\t<img loading=\"lazy\" width=\"800\" height=\"533\" src=\"https:\/\/alpinzentrum.ch\/wp-content\/uploads\/2023\/05\/Bike-Claude-Erklaerung2.png\" class=\"attachment-full size-full wp-image-487\" alt=\"\" decoding=\"async\" srcset=\"https:\/\/alpinzentrum.ch\/wp-content\/uploads\/2023\/05\/Bike-Claude-Erklaerung2.png 800w, https:\/\/alpinzentrum.ch\/wp-content\/uploads\/2023\/05\/Bike-Claude-Erklaerung2-300x200.png 300w, https:\/\/alpinzentrum.ch\/wp-content\/uploads\/2023\/05\/Bike-Claude-Erklaerung2-768x512.png 768w\" sizes=\"(max-width: 800px) 100vw, 800px\" \/>\t\t\t\t\t\t<\/div>\n\t\t\t\t\t\t\t\t\t\t\t\t\t<div class=\"premium-blog-thumbnail-overlay\">\n\t\t\t\t\t\t\t\t<a class=\"elementor-icon\" href=\"https:\/\/alpinzentrum.ch\/fr\/e-bike-tour\/\" target=\"_self\" aria-hidden=\"true\"><span>E-Bike Tour<\/span><\/a>\n\t\t\t\t\t\t\t<\/div>\n\n\t\t\t\t\t\t\t\t\t\t\t\t\t\t\t\t\t\t<\/div>\n\t\t\t\t\t\t\t\t\t\t\t\t<div class=\"premium-blog-content-wrapper \">\n\n\t\t\t\t\t<div class=\"premium-blog-inner-container\">\n\n\t\t\t\t\t\t\t\t\t\t\t\t\t<div class=\"premium-blog-cats-container\">\n\t\t\t\t\t\t\t\t<ul class=\"post-categories\">\n\t\t\t\t\t\t\t\t\t<li><a href=\"https:\/\/alpinzentrum.ch\/fr\/category\/tour-fr\/\" class=\"elementor-repeater-item-39e9084\">Tour<\/a><\/li>\t\t\t\t\t\t\t\t<\/ul>\n\t\t\t\t\t\t\t<\/div>\n\t\t\t\t\t\t\t\t\t\t\t\t\t\t<h2 class=\"premium-blog-entry-title\">\n\t\t\t<a href=\"https:\/\/alpinzentrum.ch\/fr\/e-bike-tour\/\" target=\"_self\">\n\t\t\t\tE-Bike Tour\t\t\t<\/a>\n\t\t<\/h2>\n\t\t\t\t<div class=\"premium-blog-entry-meta\">\n\t\t\t\n\t\t\t\n\t\t\t\n\t\t\t\t\t<\/div>\n\t\t\n\t\t\t\t\t<\/div>\n\n\t\t\t\t\t\t\t<div class=\"premium-blog-content-inner-wrapper\">\n\t\t<p class=\"premium-blog-post-content\">E-BIKE TOUR Une balade en v\u00e9lo \u00e9lectrique \u00e0 travers les prairies fleuries et les paysages pittoresques fait battre le coeur de chacun. Nos guides vous montreront les meilleurs trac\u00e9s e-bike de la r\u00e9gion de Gstaad. Le tour sera un plaisir car vous apprendrez les techniques importantes ainsi que l&rsquo;utilisation correcte de l&rsquo;assistance \u00e9lectrique de votre [&hellip;]<\/p><div class=\"premium-blog-excerpt-link-wrap\"><a href=\"https:\/\/alpinzentrum.ch\/fr\/e-bike-tour\/\" target=\"_self\" class=\"premium-blog-excerpt-link elementor-button\">Plus d'infos \u00bb<\/a><\/div>\t\t<\/div>\n\t\t\t\t\t\t\t\n\t\t\t\t<\/div>\n\t\t\t<\/div>\n\t\t<\/div>\n\n\t\t\t\t<\/div>\n\n\t\t\t\t<\/div>\n\t\t\t\t<\/div>\n\t\t\t\t\t<\/div>\n\t\t<\/div>\n\t\t\t\t\t<\/div>\n\t\t<\/section>\n\t\t\t\t<\/div>\n\t\t","protected":false},"excerpt":{"rendered":"<p>Hier ist der Textauszug von Summer Sports<\/p>\n","protected":false},"author":1,"featured_media":0,"parent":0,"menu_order":0,"comment_status":"closed","ping_status":"closed","template":"elementor_header_footer","meta":[],"_links":{"self":[{"href":"https:\/\/alpinzentrum.ch\/fr\/wp-json\/wp\/v2\/pages\/2232"}],"collection":[{"href":"https:\/\/alpinzentrum.ch\/fr\/wp-json\/wp\/v2\/pages"}],"about":[{"href":"https:\/\/alpinzentrum.ch\/fr\/wp-json\/wp\/v2\/types\/page"}],"author":[{"embeddable":true,"href":"https:\/\/alpinzentrum.ch\/fr\/wp-json\/wp\/v2\/users\/1"}],"replies":[{"embeddable":true,"href":"https:\/\/alpinzentrum.ch\/fr\/wp-json\/wp\/v2\/comments?post=2232"}],"version-history":[{"count":30,"href":"https:\/\/alpinzentrum.ch\/fr\/wp-json\/wp\/v2\/pages\/2232\/revisions"}],"predecessor-version":[{"id":3726,"href":"https:\/\/alpinzentrum.ch\/fr\/wp-json\/wp\/v2\/pages\/2232\/revisions\/3726"}],"wp:attachment":[{"href":"https:\/\/alpinzentrum.ch\/fr\/wp-json\/wp\/v2\/media?parent=2232"}],"curies":[{"name":"wp","href":"https:\/\/api.w.org\/{rel}","templated":true}]}}